{"id":165,"date":"2022-07-28T12:35:57","date_gmt":"2022-07-28T12:35:57","guid":{"rendered":"https:\/\/teamplate.crft.com.pl\/privacy-policy\/"},"modified":"2024-01-31T14:23:48","modified_gmt":"2024-01-31T14:23:48","slug":"datenschutzerklarung","status":"publish","type":"page","link":"https:\/\/www.teamplate.io\/de\/datenschutzerklarung\/","title":{"rendered":"Datenschutzerkl\u00e4rung"},"content":{"rendered":"\n<h2 class=\"wp-block-heading has-black-color has-text-color\"><strong>I. Allgemeine Hinweise<\/strong><\/h2>\n\n\n\n<p class=\"has-black-color has-text-color\">Die folgenden Hinweise geben einen einfachen \u00dcberblick dar\u00fcber, was mit Ihren personenbezogenen Daten passiert, wenn Sie unsere Website besuchen. Personenbezogene Daten sind alle Daten, mit denen Sie pers\u00f6nlich identifiziert werden k\u00f6nnen. Ausf\u00fchrliche Informationen zum Thema Datenschutz entnehmen Sie unserer unter diesem Text aufgef\u00fchrten Datenschutzerkl\u00e4rung und den nachfolgenden Hinweisen. Mit diesen Datenschutzhinweisen informieren wir Sie (wobei wir Sie im nachfolgenden Text auch als \u201eNutzer\u201c oder \u201ebetroffene Person\u201c ansprechen) in allgemeiner Weise \u00fcber die Datenverarbeitung unseres Unternehmens und in besonderer Weise \u00fcber die Datenverarbeitung im Rahmen eines Aufrufs unserer Website, bei Kontaktaufnahmen per E-Mail oder Telefon, aber auch bei Kontaktaufnahmen \u00fcber sog. Social Media Plattformen oder im Rahmen einer Bewerbung f\u00fcr auf unsere Website oder bei Dritten ver\u00f6ffentlichte Stellenangebote.&nbsp;<\/p>\n\n\n\n<p class=\"has-black-color has-text-color\">Unter der Begrifflichkeit \u201eDatenverarbeitung\u201c ist nachfolgend stets die Verarbeitung personenbezogener Daten gemeint.<\/p>\n\n\n\n<p class=\"has-black-color has-text-color\">Der Schutz Ihrer pers\u00f6nlichen Daten ist uns ein wichtiges Anliegen. Grunds\u00e4tzlich k\u00f6nnen die Internetseiten von Teamplate oder der ITTLB LTD ohne jede Angabe personenbezogener Daten genutzt werden. Andere Daten werden automatisch beim Besuch der Website durch unsere IT-Systeme erfasst. Das sind vor allem technische Daten (z. B. Internetbrowser, Betriebssystem oder Uhrzeit des Seitenaufrufs). Die Erfassung dieser Daten erfolgt automatisch, sobald Sie unsere Website betreten.<\/p>\n\n\n\n<p class=\"has-black-color has-text-color\">Hierbei wird ein Teil der Daten erhoben, um eine fehlerfreie Bereitstellung der Website zu gew\u00e4hrleisten. Andere Daten k\u00f6nnen zur Analyse Ihres Nutzerverhaltens verwendet werden.<\/p>\n\n\n\n<p class=\"has-black-color has-text-color\">Die Datenverarbeitung auf dieser Website erfolgt durch den Websitebetreiber. Dessen Kontaktdaten k\u00f6nnen Sie dem Impressum dieser Website entnehmen.<\/p>\n\n\n\n<p class=\"has-black-color has-text-color\">Beim Besuch unserer Website kann Ihr Surf-Verhalten zudem durch sog. Analyse Tools von Drittanbietern statistisch ausgewertet werden. Das geschieht vor allem mit Cookies und mit sogenannten Analyseprogrammen. Die Analyse Ihres Surf-Verhaltens erfolgt in der Regel anonym; das Surf-Verhalten kann nicht zu Ihnen zur\u00fcckverfolgt werden.<\/p>\n\n\n\n<p class=\"has-black-color has-text-color\">Sie k\u00f6nnen dieser Analyse widersprechen oder sie durch die Nichtbenutzung bestimmter Tools verhindern. Detaillierte Informationen zu diesen Tools und \u00fcber Ihre Widerspruchsm\u00f6glichkeiten finden Sie in der folgenden Datenschutzerkl\u00e4rung.<\/p>\n\n\n\n<p class=\"has-black-color has-text-color\">Sofern eine betroffene Person besondere Dienste unseres Unternehmens \u00fcber unsere Internetseite in Anspruch nehmen m\u00f6chte, k\u00f6nnte zudem eine Verarbeitung personenbezogener Daten erforderlich werden. Ist die Verarbeitung personenbezogener Daten erforderlich und besteht f\u00fcr eine solche Verarbeitung keine gesetzliche Grundlage, holen wir zuvor eine Einwilligung der betroffenen Person nach vorheriger Zurverf\u00fcgungstellung unserer daf\u00fcr ma\u00dfgeblichen Datenschutzbedingungen ein.&nbsp;<\/p>\n\n\n\n<p class=\"has-black-color has-text-color\">Im \u00dcbrigen&nbsp; nehmen wir den Schutz Ihrer pers\u00f6nlichen Daten sehr ernst. Wir behandeln Ihre personenbezogenen Daten (zur Erl\u00e4uterung der Begrifflichkeit nachfolgend unter III, 1.) vertraulich und entsprechend der gesetzlichen Datenschutzvorschriften sowie dieser Datenschutzerkl\u00e4rung.&nbsp;<\/p>\n\n\n\n<p class=\"has-black-color has-text-color\">Personenbezogene Daten sind Daten, mit denen Sie pers\u00f6nlich identifiziert werden k\u00f6nnen. Die vorliegende Datenschutzerkl\u00e4rung erl\u00e4utert, welche Daten wir erheben und wof\u00fcr wir sie nutzen. Sie erl\u00e4utert auch, wie und zu welchem Zweck das geschieht. Wir weisen darauf hin, dass die Daten\u00fcbertragung im Internet (z. B. bei der Kommunikation per E-Mail) Sicherheitsl\u00fccken aufweisen kann. Ein l\u00fcckenloser Schutz der Daten vor dem Zugriff durch Dritte ist nicht m\u00f6glich.<\/p>\n\n\n\n<p class=\"has-black-color has-text-color\">Sie haben hierbei jederzeit das Recht unentgeltlich Auskunft \u00fcber Herkunft, Empf\u00e4nger und Zweck Ihrer gespeicherten personenbezogenen Daten zu erhalten. Dar\u00fcber hinaus haben Sie ein Recht, die Berichtigung, Sperrung oder L\u00f6schung Ihrer Daten zu verlangen. In solchen F\u00e4llen sowie bei allen Fragen zum Thema Datenschutz k\u00f6nnen Sie sich jederzeit an den Verantwortlichen der Daten oder an unseren Datenschutzbeauftragten wenden, den wir Ihnen auf konkrete Nachfrage unverz\u00fcglich namentlich mit den dazugeh\u00f6rigen Adressdaten benennen. (siehe nachfolgend dazu auch unter II. und III.).&nbsp;<\/p>\n\n\n\n<p class=\"has-black-color has-text-color\">Daneben steht Ihnen das Recht zu, sich bei der zust\u00e4ndigen Aufsichtsbeh\u00f6rde zu beschweren.<\/p>\n\n\n\n<p class=\"has-black-color has-text-color\">Au\u00dferdem haben Sie das Recht, unter bestimmten Umst\u00e4nden die Einschr\u00e4nkung der Verarbeitung Ihrer personenbezogenen Daten zu verlangen. Details hierzu entnehmen Sie der Datenschutzerkl\u00e4rung unter V. \u201eIhre Rechte\u201c. Dort sind zusammengefasst Ihre Rechte im Zusammenhang mit der Erfassung von Daten und ihrer Verarbeitung aufgef\u00fchrt.&nbsp;&nbsp;&nbsp;<\/p>\n\n\n\n<h2 class=\"wp-block-heading has-black-color has-text-color\"><strong>II. Verantwortliche Stelle<\/strong><\/h2>\n\n\n\n<p class=\"has-black-color has-text-color\">Die verantwortliche Stelle f\u00fcr die Datenverarbeitung auf dieser Website gem\u00e4\u00df Art. 4 Ziff. 7 DSGVO im Sinne der Europ\u00e4ischen Datenschutz-Grundverordnung, sonstiger in den Mitgliedstaaten der Europ\u00e4ischen Union geltenden Datenschutzgesetze, v.a. das nationale Bundesdatenschutzgesetz und anderer Bestimmungen mit datenschutzrechtlichem Charakter,&nbsp; ist die:<\/p>\n\n\n\n<p class=\"has-black-color has-text-color\">ITTLB LTD<\/p>\n\n\n\n<p class=\"has-black-color has-text-color\">Forth Business Centre<\/p>\n\n\n\n<p class=\"has-black-color has-text-color\">Level 2, Suite 09,<\/p>\n\n\n\n<p class=\"has-black-color has-text-color\">Testaferrata Street,<\/p>\n\n\n\n<p class=\"has-black-color has-text-color\">Ta\u2019 Xbiex, Malta<\/p>\n\n\n\n<p class=\"has-black-color has-text-color\">E-Mail: <a href=\"mailto:info@teamplate.io\">info@teamplate.io<\/a><\/p>\n\n\n\n<p class=\"has-black-color has-text-color\">\u200b<\/p>\n\n\n\n<p class=\"has-black-color has-text-color\">Verantwortliche Stelle ist die nat\u00fcrliche oder juristische Person, die allein oder gemeinsam mit anderen \u00fcber die Zwecke und Mittel der Verarbeitung von personenbezogenen Daten (z.B. Namen, E-Mail-Adressen o. \u00c4.) entscheidet.<\/p>\n\n\n\n<p class=\"has-black-color has-text-color\">Der Datenschutzbeauftragte des f\u00fcr die Verarbeitung Verantwortlichen ist wie folgt erreichbar:<\/p>\n\n\n\n<p class=\"has-black-color has-text-color\"><a href=\"mailto:Teamplate-datenschutz@doettelbeck.de\">Teamplate-datenschutz@doettelbeck.de<\/a><\/p>\n\n\n\n<p class=\"has-black-color has-text-color\">Otto-Krafft-Platz 21<\/p>\n\n\n\n<p class=\"has-black-color has-text-color\">D-59065 Hamm<\/p>\n\n\n\n<p class=\"has-black-color has-text-color\">Deutschland<\/p>\n\n\n\n<h2 class=\"wp-block-heading has-black-color has-text-color\">\u200b\u200b<strong>III. Begriffsbestimmungen<\/strong><\/h2>\n\n\n\n<p class=\"has-black-color has-text-color\">Diese Datenschutzerkl\u00e4rung der Teamplate\/ITTLB LTD beruht auf den Begrifflichkeiten, die durch den Europ\u00e4ischen Richtlinien- und Verordnungsgeber beim Erlass der DSGVO verwendet wurden. Unsere Datenschutzerkl\u00e4rung soll sowohl f\u00fcr die \u00d6ffentlichkeit als auch f\u00fcr unsere Kunden und Gesch\u00e4ftspartner einfach lesbar und verst\u00e4ndlich sein. Um dies zu gew\u00e4hrleisten, m\u00f6chten wir vorab die verwendeten Begrifflichkeiten erl\u00e4utern.<\/p>\n\n\n\n<p><strong>1. personenbezogene Daten und betroffene Person<\/strong><\/p>\n\n\n\n<p class=\"has-black-color has-text-color\">\u201epersonenbezogene Daten\u201c sind gem\u00e4\u00df Art. 4 Ziff. 1 DSGVO alle Informationen, die sich auf eine identifizierte oder identifizierbare nat\u00fcrliche Person (im Folgenden \u201ebetroffene Person\u201c) beziehen; als identifizierbar wird eine nat\u00fcrliche Person angesehen, die direkt oder indirekt, insbesondere mittels Zuordnung zu einer Kennung wie einem Namen, zu einer Kennnummer, zu Standortdaten, zu einer Online-Kennung oder zu einem oder mehreren besonderen Merkmalen identifiziert werden kann, die Ausdruck der physischen, physiologischen, genetischen, psychischen, wirtschaftlichen, kulturellen oder sozialen Identit\u00e4t dieser nat\u00fcrlichen Person sind.<\/p>\n\n\n\n<p class=\"has-black-color has-text-color\"><strong>2. Verarbeitung<\/strong><\/p>\n\n\n\n<p class=\"has-black-color has-text-color\">\u201eVerarbeitung\u201c bezeichnet gem\u00e4\u00df Art. 4 Ziff. 2 DSGVO jeden mit oder ohne Hilfe automatisierter Verfahren ausgef\u00fchrten Vorgang oder jede solche Vorgangsreihe im Zusammenhang mit personenbezogenen Daten wie das Erheben, das Erfassen, die Organisation, das Ordnen, die Speicherung, die Anpassung oder Ver\u00e4nderung, das Auslesen, das Abfragen, die Verwendung, die Offenlegung durch \u00dcbermittlung, Verbreitung oder eine andere Form der Bereitstellung, den Abgleich oder die Verkn\u00fcpfung, die Einschr\u00e4nkung, das L\u00f6schen oder die Vernichtung.<\/p>\n\n\n\n<p class=\"has-black-color has-text-color\"><strong>3. Einschr\u00e4nkung der Verarbeitung<\/strong><\/p>\n\n\n\n<p class=\"has-black-color has-text-color\">\u201eEinschr\u00e4nkung der Verarbeitung\u201c bezeichnet gem\u00e4\u00df Art. 4 Ziff. 3 DSGVO die Markierung gespeicherter personenbezogener Daten mit dem Ziel, ihre k\u00fcnftige Verarbeitung einzuschr\u00e4nken.<\/p>\n\n\n\n<p class=\"has-black-color has-text-color\"><strong>4. Profiling<\/strong><\/p>\n\n\n\n<p class=\"has-black-color has-text-color\">\u201eProfiling\u201c bezeichnet gem\u00e4\u00df Art. 4 Ziff. 4 DSGVO jede Art der automatisierten Verarbeitung personenbezogener Daten, die darin besteht, dass diese personenbezogenen Daten verwendet werden, um bestimmte pers\u00f6nliche Aspekte, die sich auf eine nat\u00fcrliche Person beziehen, zu bewerten, insbesondere um Aspekte bez\u00fcglich Arbeitsleistung, wirtschaftliche Lage, Gesundheit, pers\u00f6nliche Vorlieben, Interessen, Zuverl\u00e4ssigkeit, Verhalten, Aufenthaltsort oder Ortswechsel dieser nat\u00fcrlichen Person zu analysieren oder vorherzusagen;<\/p>\n\n\n\n<p class=\"has-black-color has-text-color\"><strong>5. Pseudonymisierung<\/strong><\/p>\n\n\n\n<p class=\"has-black-color has-text-color\">\u201ePseudonymisierung\u201c bezeichnet gem\u00e4\u00df Art. 4 Ziff. 5 DSGVO die Verarbeitung personenbezogener Daten in einer Weise, dass die personenbezogenen Daten ohne Hinzuziehung zus\u00e4tzlicher Informationen nicht mehr einer spezifischen betroffenen Person zugeordnet werden k\u00f6nnen, sofern diese zus\u00e4tzlichen Informationen gesondert aufbewahrt werden und technischen und organisatorischen Ma\u00dfnahmen unterliegen, die gew\u00e4hrleisten, dass die personenbezogenen Daten nicht einer identifizierten oder identifizierbaren nat\u00fcrlichen Person zugewiesen werden.<\/p>\n\n\n\n<p class=\"has-black-color has-text-color\"><strong>6. Dateisystem<\/strong><\/p>\n\n\n\n<p class=\"has-black-color has-text-color\">\u201eDateisystem\u201c bezeichnet gem\u00e4\u00df Art. 4 Ziff. 6 DSGVO jede strukturierte Sammlung personenbezogener Daten, die nach bestimmten Kriterien zug\u00e4nglich sind, unabh\u00e4ngig davon, ob diese Sammlung zentral, dezentral oder nach funktionalen oder geografischen Gesichtspunkten geordnet gef\u00fchrt wird;<\/p>\n\n\n\n<p class=\"has-black-color has-text-color\"><strong>7. Verantwortlicher oder f\u00fcr die Verarbeitung Verantwortlicher<\/strong><\/p>\n\n\n\n<p class=\"has-black-color has-text-color\">\u201eVerantwortlicher\u201c bezeichnet gem\u00e4\u00df Art. 4 Ziff. 7 DSGVO die nat\u00fcrliche oder juristische Person, Beh\u00f6rde, Einrichtung oder andere Stelle, die allein oder gemeinsam mit anderen \u00fcber die Zwecke und Mittel der Verarbeitung von personenbezogenen Daten entscheidet; sind die Zwecke und Mittel dieser Verarbeitung durch das Unionsrecht oder das Recht der Mitgliedstaaten vorgegeben, so k\u00f6nnen der Verantwortliche beziehungsweise die bestimmten Kriterien seiner Benennung nach dem Unionsrecht oder dem Recht der Mitgliedstaaten vorgesehen werden.<\/p>\n\n\n\n<p class=\"has-black-color has-text-color\"><strong>8. Auftragsverarbeiter<\/strong><\/p>\n\n\n\n<p class=\"has-black-color has-text-color\">\u201eAuftragsverarbeiter\u201c bezeichnet gem\u00e4\u00df Art. 4 Ziff. 8 DSGVO eine nat\u00fcrliche oder juristische Person, Beh\u00f6rde, Einrichtung oder andere Stelle, die personenbezogene Daten im Auftrag des Verantwortlichen verarbeitet.<\/p>\n\n\n\n<p class=\"has-black-color has-text-color\"><strong>9. Empf\u00e4nger<\/strong><\/p>\n\n\n\n<p class=\"has-black-color has-text-color\">\u201eEmpf\u00e4nger\u201c bezeichnet gem\u00e4\u00df Art. 4 Ziff. 9 DSGVO eine nat\u00fcrliche oder juristische Person, Beh\u00f6rde, Einrichtung oder andere Stelle, denen personenbezogene Daten offengelegt werden, unabh\u00e4ngig davon, ob es sich bei ihr um einen Dritten handelt oder nicht. 2Beh\u00f6rden, die im Rahmen eines bestimmten Untersuchungsauftrags nach dem Unionsrecht oder dem Recht der Mitgliedstaaten m\u00f6glicherweise personenbezogene Daten erhalten, gelten jedoch nicht als Empf\u00e4nger; die Verarbeitung dieser Daten durch die genannten Beh\u00f6rden erfolgt im Einklang mit den geltenden Datenschutzvorschriften gem\u00e4\u00df den Zwecken der Verarbeitung.<\/p>\n\n\n\n<p class=\"has-black-color has-text-color\"><strong>10. Dritter<\/strong><\/p>\n\n\n\n<p class=\"has-black-color has-text-color\">\u201eDritter\u201c bezeichnet gem\u00e4\u00df Art. 4 Ziff. 10 DSGVO eine nat\u00fcrliche oder juristische Person, Beh\u00f6rde, Einrichtung oder andere Stelle, au\u00dfer der betroffenen Person, dem Verantwortlichen, dem Auftragsverarbeiter und den Personen, die unter der unmittelbaren Verantwortung des Verantwortlichen oder des Auftragsverarbeiters befugt sind, die personenbezogenen Daten zu verarbeiten.<\/p>\n\n\n\n<p class=\"has-black-color has-text-color\"><strong>11. Drittland<\/strong><\/p>\n\n\n\n<p class=\"has-black-color has-text-color\">\u201eDrittland\u201c oder \u201eDrittl\u00e4nder\u201c sind Staaten au\u00dferhalb der Europ\u00e4ischen Union (EU), des Europ\u00e4ischen Wirtschaftsraums (EWR) oder der Schweizer Eidgenossenschaft.<\/p>\n\n\n\n<p class=\"has-black-color has-text-color\"><strong>12. Einwilligung<\/strong><\/p>\n\n\n\n<p class=\"has-black-color has-text-color\">\u201eEinwilligung\u201c der betroffenen Person bezeichnet gem\u00e4\u00df Art. 4 Ziff. 11 DSGVO jede freiwillig f\u00fcr den bestimmten Fall, in informierter Weise und unmissverst\u00e4ndlich abgegebene Willensbekundung in Form einer Erkl\u00e4rung oder einer sonstigen eindeutigen best\u00e4tigenden Handlung, mit der die betroffene Person zu verstehen gibt, dass sie mit der Verarbeitung der sie betreffenden personenbezogenen Daten einverstanden ist.<\/p>\n\n\n\n<h2 class=\"wp-block-heading has-black-color has-text-color\"><strong>IV. Ma\u00dfgebliche Rechtsgrundlagen<\/strong><\/h2>\n\n\n\n<p class=\"has-black-color has-text-color\">Nach Art. 13 DSGVO teilen wir Ihnen die Rechtsgrundlagen mit, auf deren Basis die Datenverarbeitung erfolgt.<\/p>\n\n\n\n<p class=\"has-black-color has-text-color\">F\u00fcr Nutzer aus der Europ\u00e4ischen Union und der Europ\u00e4ische Wirtschaftsgemeinschaft gilt, sofern die Rechtsgrundlage in der Datenschutzerkl\u00e4rung nicht gesondert genannt wird, Folgendes:<\/p>\n\n\n\n<p class=\"has-black-color has-text-color\">Die Einholung von Einwilligungen beruht auf Art. 6 Abs. 1 lit. a und Art. 7 DSGVO.<\/p>\n\n\n\n<p class=\"has-black-color has-text-color\">Die Verarbeitung zur Erf\u00fcllung unserer Leistungen und Durchf\u00fchrung vertraglicher Ma\u00dfnahmen sowie Beantwortung von Anfragen beruht auf Art. 6 Abs. 1 lit. b DSGVO.<\/p>\n\n\n\n<p class=\"has-black-color has-text-color\">Die Verarbeitung zur Erf\u00fcllung unserer rechtlichen Verpflichtungen beruht auf Art. 6 Abs. 1 lit. c DSGVO;<\/p>\n\n\n\n<p class=\"has-black-color has-text-color\">Sollten lebenswichtige Interessen der betroffenen Person oder einer anderen nat\u00fcrlichen Person die Verarbeitung personenbezogener Daten erforderlich machen, beruht dies auf Art. 6 Abs. 1 lit. d DSGVO.<\/p>\n\n\n\n<p class=\"has-black-color has-text-color\">F\u00fcr eine erforderliche Verarbeitung von Daten zur Wahrnehmung einer Aufgabe, die im \u00f6ffentlichen Interesse liegt oder in Aus\u00fcbung \u00f6ffentlicher Gewalt erfolgt, die dem Verantwortlichen \u00fcbertragen wurde, ist Art. 6 Abs. 1 lit. e DSGVO die Rechtsgrundlage.<\/p>\n\n\n\n<p class=\"has-black-color has-text-color\">Die Verarbeitung zur Wahrung unserer berechtigten Interessen beruht auf Art. 6 Abs. 1 lit. f DSGVO.<\/p>\n\n\n\n<p class=\"has-black-color has-text-color\">Eine Verarbeitung von Daten zu anderen Zwecken als denen, zu denen sie erhoben wurden, beruht auf den Vorgaben des Art 6 Abs. 4 DSGVO.<\/p>\n\n\n\n<p class=\"has-black-color has-text-color\">Eine Verarbeitung von besonderen Kategorien von Daten (analog Art. 9 Abs. 1 DSGVO) bestimmt sich nach den Vorgaben des Art. 9 Abs. 2 DSGVO.<\/p>\n\n\n\n<h2 class=\"wp-block-heading has-black-color has-text-color\"><strong>V. Ihre Rechte<\/strong><\/h2>\n\n\n\n<p class=\"has-black-color has-text-color\">Folgende Rechte stehen Ihnen Bezug auf Ihre Daten zu:<\/p>\n\n\n\n<p class=\"has-black-color has-text-color\"><strong>1. Auskunftsrecht<\/strong><\/p>\n\n\n\n<p class=\"has-black-color has-text-color\">Sie haben als betroffene Person im Rahmen der geltenden gesetzlichen Bestimmungen jederzeit das Recht auf unentgeltliche Auskunft \u00fcber Ihre gespeicherten personenbezogenen Daten, deren Herkunft und Empf\u00e4nger und den Zweck der Datenverarbeitung. Die betroffene Person hat das Recht, von dem Verantwortlichen eine Best\u00e4tigung dar\u00fcber zu verlangen, ob sie betreffende personenbezogene Daten verarbeitet werden; ist dies der Fall, so hat sie ein Recht auf Auskunft \u00fcber diese personenbezogenen Daten und auf folgende Informationen:<\/p>\n\n\n\n<ul class=\"has-black-color has-text-color\">\n<li>die Verarbeitungszwecke;<\/li>\n\n\n\n<li>die Kategorien personenbezogener Daten, die verarbeitet werden;<\/li>\n\n\n\n<li>die Empf\u00e4nger oder Kategorien von Empf\u00e4ngern, gegen\u00fcber denen die personenbezogenen Daten offengelegt worden sind oder noch offengelegt werden, insbesondere bei Empf\u00e4ngern in Drittl\u00e4ndern oder bei internationalen Organisationen;<\/li>\n\n\n\n<li>falls m\u00f6glich, die geplante Dauer, f\u00fcr die die personenbezogenen Daten gespeichert werden, oder, falls dies nicht m\u00f6glich ist, die Kriterien f\u00fcr die Festlegung dieser Dauer;<\/li>\n\n\n\n<li>das Bestehen eines Rechts auf Berichtigung oder L\u00f6schung der sie betreffenden personenbezogenen Daten oder auf Einschr\u00e4nkung der Verarbeitung durch den Verantwortlichen oder eines Widerspruchsrechts gegen diese Verarbeitung;<\/li>\n\n\n\n<li>das Bestehen eines Beschwerderechts bei einer Aufsichtsbeh\u00f6rde;<\/li>\n\n\n\n<li>wenn die personenbezogenen Daten nicht bei der betroffenen Person erhoben werden, alle verf\u00fcgbaren Informationen \u00fcber die Herkunft der Daten;<\/li>\n\n\n\n<li>das Bestehen einer automatisierten Entscheidungsfindung einschlie\u00dflich Profiling gem\u00e4\u00df Art.\u200522 Abs.\u20051 und Abs.\u20054 DSGVO und \u2013 zumindest in diesen F\u00e4llen \u2013 aussagekr\u00e4ftige Informationen \u00fcber die involvierte Logik sowie die Tragweite und die angestrebten Auswirkungen einer derartigen Verarbeitung f\u00fcr die betroffene Person.<\/li>\n<\/ul>\n\n\n\n<p class=\"has-black-color has-text-color\">Werden personenbezogene Daten an ein Drittland oder an eine internationale Organisation \u00fcbermittelt, so hat die betroffene Person das Recht, \u00fcber die geeigneten Garantien gem\u00e4\u00df Artikel\u200546 DSGVO im Zusammenhang mit der \u00dcbermittlung unterrichtet zu werden.\u200b<\/p>\n\n\n\n<p class=\"has-black-color has-text-color\"><strong>2. Recht auf Berichtigung<\/strong><\/p>\n\n\n\n<p class=\"has-black-color has-text-color\">Die betroffene Person hat das Recht, von dem Verantwortlichen unverz\u00fcglich die Berichtigung sie betreffender unrichtiger personenbezogener Daten zu verlangen.&nbsp;<\/p>\n\n\n\n<p class=\"has-black-color has-text-color\">Unter Ber\u00fccksichtigung der Zwecke der Verarbeitung hat die betroffene Person zudem das Recht, die Vervollst\u00e4ndigung unvollst\u00e4ndiger personenbezogener Daten \u2013 auch mittels einer erg\u00e4nzenden Erkl\u00e4rung \u2013 zu verlangen.<\/p>\n\n\n\n<p class=\"has-black-color has-text-color\"><strong>3. Recht auf L\u00f6schung (\u201eRecht auf Vergessenwerden\u201c)<\/strong><\/p>\n\n\n\n<p class=\"has-black-color has-text-color\">(1) Die betroffene Person hat das Recht, von dem Verantwortlichen zu verlangen, dass sie betreffende personenbezogene Daten unverz\u00fcglich gel\u00f6scht werden, und der Verantwortliche ist verpflichtet, personenbezogene Daten unverz\u00fcglich zu l\u00f6schen, sofern einer der folgenden Gr\u00fcnde zutrifft:<\/p>\n\n\n\n<ul class=\"has-black-color has-text-color\">\n<li>Die personenbezogenen Daten sind f\u00fcr die Zwecke, f\u00fcr die sie erhoben oder auf sonstige Weise verarbeitet wurden, nicht mehr notwendig.<\/li>\n\n\n\n<li>Die betroffene Person widerruft ihre Einwilligung, auf die sich die Verarbeitung gem\u00e4\u00df Art.\u20056 Abs.\u20051 lit.\u2005a) oder Art.\u20059 Abs.\u20052 lit.\u2005a) DSGVO st\u00fctzte, und es fehlt an einer anderweitigen Rechtsgrundlage f\u00fcr die Verarbeitung.<\/li>\n\n\n\n<li>Die betroffene Person legt gem\u00e4\u00df Art.\u200521 Abs.\u20051 DSGVO Widerspruch gegen die Verarbeitung ein und es liegen keine vorrangigen berechtigten Gr\u00fcnde f\u00fcr die Verarbeitung vor, oder die betroffene Person legt gem\u00e4\u00df Art.\u200521 Abs.\u20052 DSGVO Widerspruch gegen die Verarbeitung ein.<\/li>\n\n\n\n<li>Die personenbezogenen Daten wurden unrechtm\u00e4\u00dfig verarbeitet.<\/li>\n\n\n\n<li>Die L\u00f6schung der personenbezogenen Daten ist zur Erf\u00fcllung einer rechtlichen Verpflichtung nach dem Unionsrecht oder dem Recht der Mitgliedstaaten erforderlich, dem der Verantwortliche unterliegt.<\/li>\n\n\n\n<li>Die personenbezogenen Daten wurden in Bezug auf angebotene Dienste der Informationsgesellschaft gem\u00e4\u00df Art.\u20058 Abs.\u20051 DSGVO erhoben.<\/li>\n<\/ul>\n\n\n\n<p class=\"has-black-color has-text-color\">(2) Hat der Verantwortliche die personenbezogenen Daten \u00f6ffentlich gemacht und ist er gem\u00e4\u00df Abs. 1 zu deren L\u00f6schung verpflichtet, so trifft er unter Ber\u00fccksichtigung der verf\u00fcgbaren Technologie und der Implementierungskosten angemessene Ma\u00dfnahmen, auch technischer Art, um f\u00fcr die Datenverarbeitung Verantwortliche, die die personenbezogenen Daten verarbeiten, dar\u00fcber zu informieren, dass eine betroffene Person von ihnen die L\u00f6schung aller Links zu diesen personenbezogenen Daten oder von Kopien oder Replikationen dieser personenbezogenen Daten verlangt hat.<\/p>\n\n\n\n<p class=\"has-black-color has-text-color\">(3) Die Abs\u00e4tze 1 und 2 gelten nicht, soweit die Verarbeitung erforderlich ist<\/p>\n\n\n\n<p class=\"has-black-color has-text-color\">&#8211; zur Aus\u00fcbung des Rechts auf freie Meinungs\u00e4u\u00dferung und Information;<\/p>\n\n\n\n<p class=\"has-black-color has-text-color\">&#8211; zur Erf\u00fcllung einer rechtlichen Verpflichtung, die die Verarbeitung nach dem Recht der Union oder der Mitgliedstaaten, dem der Verantwortliche unterliegt, erfordert, oder zur Wahrnehmung einer Aufgabe, die im \u00f6ffentlichen Interesse liegt oder in Aus\u00fcbung \u00f6ffentlicher Gewalt erfolgt, die dem Verantwortlichen \u00fcbertragen wurde;<\/p>\n\n\n\n<p class=\"has-black-color has-text-color\">&#8211; aus Gr\u00fcnden des \u00f6ffentlichen Interesses im Bereich der \u00f6ffentlichen Gesundheit gem\u00e4\u00df Art.\u20059 Abs.\u20052 lit.\u2005h) und i) sowie Art.\u20059 Abs.\u20053 DSGVO;<\/p>\n\n\n\n<p class=\"has-black-color has-text-color\">&#8211; f\u00fcr im \u00f6ffentlichen Interesse liegende Archivzwecke, wissenschaftliche oder historische Forschungszwecke oder f\u00fcr statistische Zwecke gem\u00e4\u00df Art.\u200589 Abs.\u20051, soweit das in Absatz\u20051 genannte Recht voraussichtlich die Verwirklichung der Ziele dieser Verarbeitung unm\u00f6glich macht oder ernsthaft beeintr\u00e4chtigt, oder<\/p>\n\n\n\n<p class=\"has-black-color has-text-color\">&#8211; zur Geltendmachung, Aus\u00fcbung oder Verteidigung von Rechtsanspr\u00fcchen.<\/p>\n\n\n\n<p class=\"has-black-color has-text-color\"><strong>4. Recht auf Einschr\u00e4nkung der Verarbeitung<\/strong><\/p>\n\n\n\n<p class=\"has-black-color has-text-color\">(1) Die betroffene Person hat das Recht, von dem Verantwortlichen die Einschr\u00e4nkung der Verarbeitung zu verlangen, wenn eine der folgenden Voraussetzungen gegeben ist:<\/p>\n\n\n\n<p class=\"has-black-color has-text-color\">&#8211; die Richtigkeit der personenbezogenen Daten von der betroffenen Person bestritten wird, und zwar f\u00fcr eine Dauer, die es dem Verantwortlichen erm\u00f6glicht, die Richtigkeit der personenbezogenen Daten zu \u00fcberpr\u00fcfen,<\/p>\n\n\n\n<p class=\"has-black-color has-text-color\">&#8211; die Verarbeitung unrechtm\u00e4\u00dfig ist und die betroffene Person die L\u00f6schung der personenbezogenen Daten ablehnt und stattdessen die Einschr\u00e4nkung der Nutzung der personenbezogenen Daten verlangt;<\/p>\n\n\n\n<p class=\"has-black-color has-text-color\">&#8211; der Verantwortliche die personenbezogenen Daten f\u00fcr die Zwecke der Verarbeitung nicht l\u00e4nger ben\u00f6tigt, die betroffene Person sie jedoch zur Geltendmachung, Aus\u00fcbung oder Verteidigung von Rechtsanspr\u00fcchen ben\u00f6tigt, oder<\/p>\n\n\n\n<p class=\"has-black-color has-text-color\">&#8211; die betroffene Person Widerspruch gegen die Verarbeitung gem\u00e4\u00df Art. 21 Abs. 1 DSGVO eingelegt hat, solange noch nicht feststeht, ob die berechtigten Gr\u00fcnde des Verantwortlichen gegen\u00fcber denen der betroffenen Person \u00fcberwiegen.<\/p>\n\n\n\n<p class=\"has-black-color has-text-color\">(2) Wurde die Verarbeitung gem\u00e4\u00df Absatz\u20051 eingeschr\u00e4nkt, so d\u00fcrfen diese personenbezogenen Daten \u2013 von ihrer Speicherung abgesehen \u2013 nur mit Einwilligung der betroffenen Person oder zur Geltendmachung, Aus\u00fcbung oder Verteidigung von Rechtsanspr\u00fcchen oder zum Schutz der Rechte einer anderen nat\u00fcrlichen oder juristischen Person oder aus Gr\u00fcnden eines wichtigen \u00f6ffentlichen Interesses der Union oder eines Mitgliedstaats verarbeitet werden.<\/p>\n\n\n\n<p class=\"has-black-color has-text-color\"><strong>5. Recht auf Daten\u00fcbertragbarkeit<\/strong><\/p>\n\n\n\n<p class=\"has-black-color has-text-color\">(1) Die betroffene Person hat das Recht, die sie betreffenden personenbezogenen Daten, die sie einem Verantwortlichen bereitgestellt hat, in einem strukturierten, g\u00e4ngigen und maschinenlesbaren Format zu erhalten, und sie hat das Recht, diese Daten einem anderen Verantwortlichen ohne Behinderung durch den Verantwortlichen, dem die personenbezogenen Daten bereitgestellt wurden, zu \u00fcbermitteln, sofern<\/p>\n\n\n\n<p class=\"has-black-color has-text-color\">&#8211; die Verarbeitung auf einer Einwilligung gem\u00e4\u00df Art.\u20056 Abs.\u20051 lit.\u2005a) oder Art. 9 Abs. 2 lit.\u2005a) DSGVO oder auf einem Vertrag gem\u00e4\u00df Art. 6 Abs. 1 lit. b) DSGVO beruht und<\/p>\n\n\n\n<p class=\"has-black-color has-text-color\">&#8211; die Verarbeitung mithilfe automatisierter Verfahren erfolgt.<\/p>\n\n\n\n<p class=\"has-black-color has-text-color\">(2) Bei der Aus\u00fcbung ihres Rechts auf Daten\u00fcbertragbarkeit gem\u00e4\u00df Absatz\u20051 hat die betroffene Person das Recht, zu erwirken, dass die personenbezogenen Daten direkt von einem Verantwortlichen einem anderen Verantwortlichen \u00fcbermittelt werden, soweit dies technisch machbar ist.<\/p>\n\n\n\n<p class=\"has-black-color has-text-color\">(3) Das Recht gem\u00e4\u00df Abs.\u20051 darf die Rechte und Freiheiten anderer Personen nicht beeintr\u00e4chtigen.<\/p>\n\n\n\n<p class=\"has-black-color has-text-color\">(4) Dieses Recht gilt nicht f\u00fcr eine Verarbeitung, die f\u00fcr die Wahrnehmung einer Aufgabe erforderlich ist, die im \u00f6ffentlichen Interesse liegt oder in Aus\u00fcbung \u00f6ffentlicher Gewalt erfolgt, die dem Verantwortlichen \u00fcbertragen wurde.<\/p>\n\n\n\n<p class=\"has-black-color has-text-color\"><strong>6. Widerspruchsrecht<\/strong><\/p>\n\n\n\n<p class=\"has-black-color has-text-color\">Die betroffene Person hat das Recht, aus Gr\u00fcnden, die sich aus ihrer besonderen Situation ergeben, jederzeit gegen die Verarbeitung sie betreffender personenbezogener Daten, die aufgrund von Art.\u20056 Abs.\u20051 lit.\u2005e) oder f) DSGVO erfolgt, Widerspruch einzulegen; dies gilt auch f\u00fcr ein auf diese Bestimmungen gest\u00fctztes Profiling. Der Verantwortliche verarbeitet die personenbezogenen Daten nicht mehr, es sei denn, er kann zwingende schutzw\u00fcrdige Gr\u00fcnde f\u00fcr die Verarbeitung nachweisen, die die Interessen, Rechte und Freiheiten der betroffenen Person \u00fcberwiegen, oder die Verarbeitung dient der Geltendmachung, Aus\u00fcbung oder Verteidigung von Rechtsanspr\u00fcchen.<\/p>\n\n\n\n<p class=\"has-black-color has-text-color\"><strong>Widerspruchsrecht gegen die Datenerhebung in besonderen F\u00e4llen sowie gegen Direktwerbung (Art. 21 DSGVO)<\/strong><\/p>\n\n\n\n<p class=\"has-black-color has-text-color\">Wenn die Datenverarbeitung auf Grundlage von Art. 6 Abs. 1 lit. e oder f DSGVO erfolgt, haben Sie jederzeit das Recht, aus Gr\u00fcnden, die sich aus Ihrer besonderen Situation ergeben, gegen die Verarbeitung Ihrer personenbezogenen Daten Widerspruch einzulegen; dies gilt auch f\u00fcr ein auf diese Bestimmungengest\u00fctztes Profiling.&nbsp;<\/p>\n\n\n\n<p class=\"has-black-color has-text-color\">Die jeweilige Rechtsgrundlage, auf denen eine Verarbeitung beruht, entnehmen Sie dieser Datenschutzerkl\u00e4rung. Wenn Sie Widerspruch einlegen, werden wir Ihre betroffenen personenbezogenen Daten nicht mehr verarbeiten, es sei denn, wir k\u00f6nnen zwingende schutzw\u00fcrdige Gr\u00fcnde f\u00fcr die Verarbeitung nachweisen, die Ihre Interessen, Rechte und Freiheiten \u00fcberwiegen oder die Verarbeitung dient der Geltendmachung, Aus\u00fcbung oder Verteidigung von Rechtsanspr\u00fcchen (Widerspruch nach Art. 21 Abs. 1 DSGVO).<\/p>\n\n\n\n<p class=\"has-black-color has-text-color\">Werden Ihre personenbezogenen Daten verarbeitet, um Direktwerbung zu betreiben, so haben Sie das Recht, jederzeit Widerspruch gegen die Verarbeitung Sie betreffender personenbezogener Daten zum Zwecke derartiger Werbung einzulegen; dies gilt auch f\u00fcr das Profiling, soweit es mit solcher Direktwerbung in Verbindung steht. Wenn Sie widersprechen, werden Ihre personenbezogenen Daten anschlie\u00dfend nicht mehr zum Zwecke der Direktwerbung verwendet (Widerspruch nach Art. 21 Abs. 2 DSGVO).<\/p>\n\n\n\n<p class=\"has-black-color has-text-color\">Im Zusammenhang mit der Nutzung von Diensten der Informationsgesellschaft kann die betroffene Person ungeachtet der Richtlinie 2002\/58\/EG ihr Widerspruchsrecht mittels automatisierter Verfahren aus\u00fcben, bei denen technische Spezifikationen verwendet werden.<\/p>\n\n\n\n<p class=\"has-black-color has-text-color\"><strong>7. Widerrufsrecht<\/strong><\/p>\n\n\n\n<p class=\"has-black-color has-text-color\">Viele Datenverarbeitungsvorg\u00e4nge sind nur mit Ihrer ausdr\u00fccklichen Einwilligung m\u00f6glich. Sie k\u00f6nnen eine bereits erteilte Einwilligung jederzeit widerrufen. Dazu reicht eine formlose Mitteilung per E-Mail an uns. Die Rechtm\u00e4\u00dfigkeit der bis zum Widerruf erfolgten Datenverarbeitung bleibt vom Widerruf unber\u00fchrt.<\/p>\n\n\n\n<p class=\"has-black-color has-text-color\"><strong>8. Beschwerderecht bei einer Aufsichtsbeh\u00f6rde<\/strong><\/p>\n\n\n\n<p class=\"has-black-color has-text-color\">Jede betroffene Person hat unbeschadet eines anderweitigen verwaltungsrechtlichen oder gerichtlichen Rechtsbehelfs das Recht auf Beschwerde bei einer Aufsichtsbeh\u00f6rde, insbesondere in dem Mitgliedstaat ihres Aufenthaltsorts, ihres Arbeitsplatzes oder des Orts des mutma\u00dflichen Versto\u00dfes, wenn die betroffene Person der Ansicht ist, dass die Verarbeitung der sie betreffenden personenbezogenen Daten gegen diese Verordnung verst\u00f6\u00dft. Das Beschwerderecht besteht unbeschadet anderweitiger verwaltungsrechtlicher oder gerichtlicher Rechtsbehelfe.&nbsp;<\/p>\n\n\n\n<p class=\"has-black-color has-text-color\">Eine Liste der Datenschutzbeauftragten sowie deren Kontaktdaten k\u00f6nnen folgendem Link entnommen werden:&nbsp;<\/p>\n\n\n\n<p><a href=\"https:\/\/www.bfdi.bund.de\/DE\/Service\/Anschriften\/anschriften_table.html\" target=\"_blank\" rel=\"noopener\">https:\/\/www.bfdi.bund.de\/DE\/Service\/Anschriften\/anschriften_table.html<\/a> (Deutschland) und<\/p>\n\n\n\n<p class=\"has-black-color has-text-color\"><a href=\"https:\/\/www.dsb.gv.at\/ueber-die-website\/kontakt.html\" target=\"_blank\" rel=\"noopener\">https:\/\/www.dsb.gv.at\/ueber-die-website\/kontakt.html<\/a> (\u00d6sterreich).<\/p>\n\n\n\n<p><strong>9. Recht auf Einschr\u00e4nkung der Verarbeitung<\/strong><\/p>\n\n\n\n<p class=\"has-black-color has-text-color\">(1) Die betroffene Person hat das Recht, von dem Verantwortlichen die Einschr\u00e4nkung der Verarbeitung zu verlangen, wenn eine der folgenden Voraussetzungen gegeben ist:<\/p>\n\n\n\n<ul class=\"has-black-color has-text-color\">\n<li>die Richtigkeit der personenbezogenen Daten von der betroffenen Person bestritten wird, und zwar f\u00fcr eine Dauer, die es dem Verantwortlichen erm\u00f6glicht, die Richtigkeit der personenbezogenen Daten zu \u00fcberpr\u00fcfen,<\/li>\n\n\n\n<li>die Verarbeitung unrechtm\u00e4\u00dfig ist und die betroffene Person die L\u00f6schung der personenbezogenen Daten ablehnt und stattdessen die Einschr\u00e4nkung der Nutzung der personenbezogenen Daten verlangt;<\/li>\n\n\n\n<li>der Verantwortliche die personenbezogenen Daten f\u00fcr die Zwecke der Verarbeitung nicht l\u00e4nger ben\u00f6tigt, die betroffene Person sie jedoch zur Geltendmachung, Aus\u00fcbung oder Verteidigung von Rechtsanspr\u00fcchen ben\u00f6tigt, oder<\/li>\n\n\n\n<li>die betroffene Person Widerspruch gegen die Verarbeitung gem\u00e4\u00df Art.\u200521 Abs.\u20051 DSGVO eingelegt hat, solange noch nicht feststeht, ob die berechtigten Gr\u00fcnde des Verantwortlichen gegen\u00fcber denen der betroffenen Person \u00fcberwiegen.<\/li>\n<\/ul>\n\n\n\n<p class=\"has-black-color has-text-color\">(2) Wurde die Verarbeitung gem\u00e4\u00df Absatz\u20051 eingeschr\u00e4nkt, so d\u00fcrfen diese personenbezogenen Daten \u2013 von ihrer Speicherung abgesehen \u2013 nur mit Einwilligung der betroffenen Person oder zur Geltendmachung, Aus\u00fcbung oder Verteidigung von Rechtsanspr\u00fcchen oder zum Schutz der Rechte einer anderen nat\u00fcrlichen oder juristischen Person oder aus Gr\u00fcnden eines wichtigen \u00f6ffentlichen Interesses der Union oder eines Mitgliedstaats verarbeitet werden.<\/p>\n\n\n\n<h2 class=\"wp-block-heading has-black-color has-text-color\"><strong>VI. Hinweise zur Nutzung und zur Datenerfassung unserer Internetseite<\/strong>&nbsp;<\/h2>\n\n\n\n<p class=\"has-black-color has-text-color\"><strong>1. SSL- bzw. TLS-Verschl\u00fcsselung<\/strong><\/p>\n\n\n\n<p class=\"has-black-color has-text-color\">Unsere Seite nutzt aus Sicherheitsgr\u00fcnden, v.a. um bei der \u00dcbertragung vertraulicher Inhalte, wie zum Beispiel Bestellungen oder Anfragen, die Sie an uns als Seitenbetreiber senden, eine SSL- bzw. TLS-Verschl\u00fcsselung. Eine verschl\u00fcsselte Verbindung k\u00f6nnen Sie daran erkennen, dass in der Adresszeile Ihres Browsers zu Beginn \u201ehttps:\/\/\u201c steht und dar\u00fcber hinaus ein Schloss-Symbol in der Browserzeile auftaucht. Wenn die SSL- bzw. TLS-Verschl\u00fcsselung aktiviert ist, k\u00f6nnen die Daten, die Sie an uns \u00fcbermitteln, nicht von Dritten mitgelesen werden. Bei einer SSL-Verschl\u00fcsselung k\u00f6nnen bei der Daten\u00fcbertragung Dritte grunds\u00e4tzlich nicht mitlesen.<\/p>\n\n\n\n<p class=\"has-black-color has-text-color\"><strong>2. Verschl\u00fcsselter Zahlungsverkehr<\/strong><\/p>\n\n\n\n<p class=\"has-black-color has-text-color\">Besteht nach dem Abschluss eines kostenpflichtigen Vertrags eine Verpflichtung, uns Ihre Zahlungsdaten (z. B. Kontonummer bei Einzugserm\u00e4chtigung) zu \u00fcbermitteln, werden diese Daten zur Zahlungsabwicklung ben\u00f6tigt. Der Zahlungsverkehr \u00fcber die g\u00e4ngigen Zahlungsmittel (Visa\/MasterCard, Lastschriftverfahren) erfolgt ausschlie\u00dflich \u00fcber eine verschl\u00fcsselte SSL- bzw. TLS-Verbindung. Eine verschl\u00fcsselte Verbindung erkennen Sie daran, dass die Adresszeile des Browsers von \u201ehttp:\/\/\u201c auf \u201ehttps:\/\/\u201c wechselt und an dem Schloss-Symbol in Ihrer Browserzeile. Bei verschl\u00fcsselter Kommunikation k\u00f6nnen Ihre Zahlungsdaten, die Sie an uns \u00fcbermitteln, nicht von Dritten mitgelesen werden.<\/p>\n\n\n\n<p class=\"has-black-color has-text-color\"><strong>3. Cookies<\/strong><\/p>\n\n\n\n<p class=\"has-black-color has-text-color\">Auf unserer Website werden sogenannte Cookies, die entweder von unserem Server oder dem Server Dritter an den Browser des Nutzers \u00fcbertragen werden, eingesetzt. Cookies sind kleine Textdateien, die zwischen Webbrowser und dem Hosting-Server ausgetauscht werden. Cookies werden auf dem Rechner des Nutzers gespeichert und von diesem an unsere Seite \u00fcbermittelt. In dem jeweils genutzten Webbrowser k\u00f6nnen Sie die Verwendung von Cookies durch eine entsprechende Einstellung einschr\u00e4nken oder grunds\u00e4tzlich verhindern.&nbsp;<\/p>\n\n\n\n<p class=\"has-black-color has-text-color\">Bereits gespeicherte Cookies k\u00f6nnen jederzeit gel\u00f6scht werden. Werden Cookies f\u00fcr unsere Website deaktiviert, kann dies dazu f\u00fchren, dass die Website nicht im kompletten Umfang angezeigt oder verwendet werden kann.<\/p>\n\n\n\n<p class=\"has-black-color has-text-color\">Sie k\u00f6nnen die Speicherung der Cookies aber auch durch eine entsprechende Einstellung Ihrer Browser-Software verhindern; wir weisen Sie jedoch darauf hin, dass Sie in diesem Fall gegebenenfalls nicht s\u00e4mtliche Funktionen dieser Website vollumf\u00e4nglich werden nutzen k\u00f6nnen. Sie k\u00f6nnen dar\u00fcber hinaus die Erfassung der durch den Cookie erzeugten und auf Ihre Nutzung der Website bezogenen Daten (inkl. Ihrer IP-Adresse) an Google sowie die Verarbeitung dieser Daten durch Google verhindern, indem Sie das unter dem folgenden Link verf\u00fcgbare Browser-Plugin herunterladen und installieren:&nbsp;<\/p>\n\n\n\n<p class=\"has-black-color has-text-color\"><a href=\"https:\/\/tools.google.com\/dlpage\/gaoptout?hl=de\" target=\"_blank\" rel=\"noopener\">https:\/\/tools.google.com\/dlpage\/gaoptout?hl=de<\/a><\/p>\n\n\n\n<p class=\"has-black-color has-text-color\">Die Rechtsgrundlage f\u00fcr die Verarbeitung personenbezogener Daten unter Verwendung von Cookies ist Art.\u20056 Abs.\u20051 lit.\u2005f DSGVO.<\/p>\n\n\n\n<p class=\"has-black-color has-text-color\"><strong>4. Erfassung von allgemeinen Daten und Informationen und Dauer der Speicherung von Logfiles:<\/strong><\/p>\n\n\n\n<p class=\"has-black-color has-text-color\">Wir nutzen die Dienste von <strong>Amazon Web Services (AWS)<\/strong> als Dienstleister, um ein sicheres und schnelles Online Angebot bereitstellen zu k\u00f6nnen.&nbsp;<\/p>\n\n\n\n<p class=\"has-black-color has-text-color\">Amazon Web Services ist unter anderem ein Webhosting Anbieter. Dienstanbieter ist das amerikanische Unternehmen Amazon Web Services, Inc., 410 Terry Avenue North, Seattle WA 98109, USA.<\/p>\n\n\n\n<p class=\"has-black-color has-text-color\">Amazon verarbeitet Daten von Nutzern, also auch von Ihnen, unter anderem auch in den USA. Wir weisen darauf hin, dass nach Meinung des europ\u00e4ischen Gerichtshofs derzeit kein angemessenes Schutzniveau f\u00fcr den Datentransfer in die USA besteht. Dies kann verschiedene Risiken f\u00fcr die Rechtm\u00e4\u00dfigkeit und Sicherheit der Datenverarbeitung einhergehen. Als Grundlage der Datenverarbeitung bei Empf\u00e4ngern mit Sitz in Drittstaaten (au\u00dferhalb der Europ\u00e4ischen Union, Island, Liechtenstein, Norwegen, also insbesondere in den USA) oder bei einer Datenweitergabe dorthin verwendet Amazon sog. Standardvertragsklauseln (Art. 46 Abs. 2 und 3 DSGVO). Standardvertragsklauseln (Standard Contractual Clauses &#8211; SCC) sind von der Europ\u00e4ischen Kommission bereitgestellte Mustervorlagen und sollen sicherstellen, dass ihre Daten auch dann den europ\u00e4ischen Datenschutzstandards entsprechen, wenn diese in Drittl\u00e4nder (wie beispielsweise in die USA) \u00fcberliefert und dort gespeichert werden. Durch diese Klausel verpflichtet sich Amazon, bei der Verarbeitung ihrer relevanten Daten, das europ\u00e4ische Datenschutzniveau einzuhalten, selbst wenn die Daten in den USA gespeichert, verarbeitet und verwaltet werden. Diese Klauseln basieren auf einen Durchf\u00fchrungsbeschluss der EU-Kommission. Sie finden den Beschluss und die entsprechenden Standardvertragsklauseln u.a. hier:&nbsp;<\/p>\n\n\n\n<p class=\"has-black-color has-text-color\"><a href=\"https:\/\/eur-lex.europa.eu\/eli\/dec_impl\/2021\/914\/oj?locale=de\" target=\"_blank\" rel=\"noopener\">https:\/\/eur-lex.europa.eu\/eli\/dec_impl\/2021\/914\/oj?locale=de<\/a><\/p>\n\n\n\n<p class=\"has-black-color has-text-color\">Die Amazon Datenverarbeitungsbedingung (AWS GDPR DATA PROCESSING), welche den Standardvertragsklauseln entsprechen, finden Sie unter<\/p>\n\n\n\n<p class=\"has-black-color has-text-color\"><a href=\"https:\/\/d1.awsstatic.com\/legal\/AWS_GDPR_DPA.pdf\" target=\"_blank\" rel=\"noopener\">https:\/\/d1.awsstatic.com\/legal\/AWS_GDPR_DPA.pdf<\/a><\/p>\n\n\n\n<p class=\"has-black-color has-text-color\">Mehr \u00fcber die Daten, die durch die Verwendung von AMAZON WEB SERVICES (AWS) verarbeitet werden, erfahren Sie in der Datenschutzerkl\u00e4rung auf<\/p>\n\n\n\n<p class=\"has-black-color has-text-color\"><a href=\"https:\/\/aws.amazon.com\/de\/privacy\/\" target=\"_blank\" rel=\"noopener\">https:\/\/aws.amazon.com\/de\/privacy\/<\/a><\/p>\n\n\n\n<h2 class=\"wp-block-heading has-black-color has-text-color\"><strong>\u200bVII. Datenverarbeitung im Rahmen einer Kontaktaufnahme<\/strong><\/h2>\n\n\n\n<p class=\"has-black-color has-text-color\"><strong>1. Kontaktaufnahme per Website-Kontaktformular <\/strong><\/p>\n\n\n\n<p class=\"has-black-color has-text-color\">Unsere Internetseite (<a href=\"https:\/\/teamplate.io\/de\/\" target=\"_blank\" rel=\"noopener\">https:\/\/teamplate.io<\/a>) enth\u00e4lt aufgrund von gesetzlichen Vorschriften Angaben, die eine schnelle elektronische Kontaktaufnahme zu unserem Unternehmen sowie eine unmittelbare Kommunikation mit uns erm\u00f6glichen, was ebenfalls eine allgemeine Adresse der sogenannten elektronischen Post (E-Mail-Adresse) umfasst. Sofern eine betroffene Person per E-Mail oder \u00fcber ein Kontaktformular unserer Internetseite (<a href=\"https:\/\/teamplate.io\/support-kontakt\/\" target=\"_blank\" rel=\"noopener\">https:\/\/teamplate.io\/support-kontakt\/<\/a>)den Kontakt mit dem f\u00fcr die Verarbeitung Verantwortlichen aufnimmt, werden die von der betroffenen Person \u00fcbermittelten personenbezogenen Daten automatisch gespeichert. Solche auf freiwilliger Basis von einer betroffenen Person an den f\u00fcr die Verarbeitung Verantwortlichen \u00fcbermittelten personenbezogenen Daten werden f\u00fcr Zwecke der Bearbeitung oder der Kontaktaufnahme zur betroffenen Person gespeichert.<\/p>\n\n\n\n<p class=\"has-black-color has-text-color\">Das betrifft die in der E-Mail enthaltenen Informationen. Zudem werden folgende Daten durch unser System erhoben:<\/p>\n\n\n\n<p class=\"has-black-color has-text-color\">&#8211;&nbsp;&nbsp;&nbsp;&nbsp;&nbsp;&nbsp;&nbsp;&nbsp;&nbsp;&nbsp;&nbsp;&nbsp; IP-Adresse des aufrufenden Rechners;<\/p>\n\n\n\n<p class=\"has-black-color has-text-color\">&#8211;&nbsp;&nbsp;&nbsp;&nbsp;&nbsp;&nbsp;&nbsp;&nbsp;&nbsp;&nbsp;&nbsp;&nbsp; Datum und Uhrzeit der E-Mail.<\/p>\n\n\n\n<p class=\"has-black-color has-text-color\">Die Rechtsgrundlage f\u00fcr die Verarbeitung personenbezogener Daten im Rahmen uns \u00fcbermittelter E-Mails ist Art. 6 Abs. 1 lit. b bzw. lit. f DSGVO.<\/p>\n\n\n\n<p class=\"has-black-color has-text-color\">Diese Daten geben wir nicht ohne Ihre Einwilligung weiter. Die Verarbeitung der eingegebenen Daten erfolgt somit ausschlie\u00dflich auf Grundlage Ihrer Einwilligung (Art. 6 Abs. 1 lit. a DSGVO). Sie k\u00f6nnen diese Einwilligung jederzeit widerrufen. Dazu reicht eine formlose Mitteilung per E-Mail an uns. Die Rechtm\u00e4\u00dfigkeit der bis zum Widerruf erfolgten Datenverarbeitungsvorg\u00e4nge bleibt vom Widerruf unber\u00fchrt. Die von Ihnen eingegebenen Daten verbleiben bei uns, bis Sie uns zur L\u00f6schung auffordern, Ihre Einwilligung zur Speicherung widerrufen oder der Zweck f\u00fcr die Datenspeicherung entf\u00e4llt (z. B. nach abgeschlossener Bearbeitung Ihrer Anfrage). Zwingende gesetzliche Bestimmungen \u2013 insbesondere Aufbewahrungsfristen \u2013 bleiben unber\u00fchrt.<\/p>\n\n\n\n<p class=\"has-black-color has-text-color\"><strong>2. Kontaktaufnahme per E-Mail<\/strong><\/p>\n\n\n\n<p class=\"has-black-color has-text-color\">Die Kontaktaufnahme mit uns per E-Mail ist \u00fcber die auf unserer Website ver\u00f6ffentlichten E-Mail-Adressen m\u00f6glich.&nbsp;<\/p>\n\n\n\n<p class=\"has-black-color has-text-color\">Soweit Sie diesen Kontaktweg verwenden, werden die von Ihnen \u00fcbermittelten Daten (zB Name, Vorname, Anschrift), zumindest jedoch die E-Mail-Adresse, sowie die in der E-Mail enthaltenen Informationen nebst den von Ihnen \u00fcbermittelten ggf. personenbezogenen Daten zum Zwecke der Kontaktaufnahme und Bearbeitung Ihres Anliegens gespeichert. Zudem werden folgende Daten durch unser System erhoben:<\/p>\n\n\n\n<ul class=\"has-black-color has-text-color\">\n<li>IP-Adresse des aufrufenden Rechners;<\/li>\n\n\n\n<li>Datum und Uhrzeit der E-Mail.<\/li>\n<\/ul>\n\n\n\n<p class=\"has-black-color has-text-color\">Die Rechtsgrundlage f\u00fcr die Verarbeitung personenbezogener Daten im Rahmen uns \u00fcbermittelter E-Mails ist Art.\u20056 Abs.\u20051 lit.\u2005b bzw. lit.\u2005f DSGVO.<\/p>\n\n\n\n<p class=\"has-black-color has-text-color\"><strong>3. Kontaktaufnahme per Brief und Telefax<\/strong><\/p>\n\n\n\n<p class=\"has-black-color has-text-color\">Sofern Sie uns einen Brief oder ein Telefax \u00fcbermitteln, werden die von Ihnen \u00fcbermittelten Daten (zB Name, Vorname, Anschrift) und die im Brief bzw. Telefax enthaltenen Informationen nebst von Ihnen \u00fcbermittelten ggf. personenbezogenen Daten zum Zwecke der Kontaktaufnahme und Bearbeitung Ihres Anliegens gespeichert. Diese Daten geben wir nicht ohne Ihre Einwilligung weiter.<\/p>\n\n\n\n<p class=\"has-black-color has-text-color\">Die Verarbeitung dieser Daten erfolgt auf Grundlage von Art. 6 Abs. 1 lit. b DSGVO, sofern Ihre Anfrage mit der Erf\u00fcllung eines Vertrags zusammenh\u00e4ngt oder zur Durchf\u00fchrung vorvertraglicher Ma\u00dfnahmen erforderlich ist. In allen \u00fcbrigen F\u00e4llen beruht die Verarbeitung auf Ihrer Einwilligung (Art. 6 Abs. 1 lit. a DSGVO) und\/oder auf unseren berechtigten Interessen (Art. 6 Abs. 1 lit. f DSGVO), da wir ein berechtigtes Interesse an der effektiven Bearbeitung der an uns gerichteten Anfragen haben.<\/p>\n\n\n\n<p class=\"has-black-color has-text-color\"><strong>4. Verarbeiten von Daten (Kunden- und Vertragsdaten)<\/strong><\/p>\n\n\n\n<p class=\"has-black-color has-text-color\">Wir erheben, verarbeiten und nutzen personenbezogene Daten nur, soweit sie f\u00fcr die Begr\u00fcndung, inhaltliche Ausgestaltung oder \u00c4nderung des Rechtsverh\u00e4ltnisses erforderlich sind (Bestandsdaten). Dies erfolgt auf Grundlage von Art. 6 Abs. 1 lit. b DSGVO, der die Verarbeitung von Daten zur Erf\u00fcllung eines Vertrags oder vorvertraglicher Ma\u00dfnahmen gestattet. Personenbezogene Daten \u00fcber die Inanspruchnahme unserer Internetseiten (Nutzungsdaten) erheben, verarbeiten und nutzen wir nur, soweit dies erforderlich ist, um dem Nutzer die Inanspruchnahme des Dienstes zu erm\u00f6glichen oder abzurechnen.<\/p>\n\n\n\n<p class=\"has-black-color has-text-color\">Die erhobenen Kundendaten werden nach Abschluss des Auftrags oder Beendigung der Gesch\u00e4ftsbeziehung gel\u00f6scht. Gesetzliche Aufbewahrungsfristen bleiben unber\u00fchrt<\/p>\n\n\n\n<p class=\"has-black-color has-text-color\"><strong>5. Daten\u00fcbermittlung bei Vertragsschluss f\u00fcr Dienstleistungen und digitale Inhalte<\/strong><\/p>\n\n\n\n<p class=\"has-black-color has-text-color\">Wir \u00fcbermitteln personenbezogene Daten an Dritte nur dann, wenn dies im Rahmen der Vertragsabwicklung notwendig ist, etwa an das mit der Zahlungsabwicklung beauftragte Kreditinstitut.&nbsp;<\/p>\n\n\n\n<p class=\"has-black-color has-text-color\">Eine weitergehende \u00dcbermittlung der Daten erfolgt nicht bzw. nur dann, wenn Sie der \u00dcbermittlung ausdr\u00fccklich zugestimmt haben. Eine Weitergabe Ihrer Daten an Dritte ohne ausdr\u00fcckliche Einwilligung, etwa zu Zwecken der Werbung, erfolgt nicht. Grundlage f\u00fcr die Datenverarbeitung ist Art. 6 Abs. 1 lit. b DSGVO, der die Verarbeitung von Daten zur Erf\u00fcllung eines Vertrags oder vorvertraglicher Ma\u00dfnahmen gestattet.<\/p>\n\n\n\n<p class=\"has-black-color has-text-color\"><strong>6. Datenverarbeitung, u.a. durch soziale Netzwerke&nbsp;<\/strong><\/p>\n\n\n\n<p class=\"has-black-color has-text-color\">Wir unterhalten \u00f6ffentlich zug\u00e4ngliche Profile in sozialen Netzwerken, derzeit bei Facebook und Instagram.<\/p>\n\n\n\n<p class=\"has-black-color has-text-color\">Soziale Netzwerke wie Facebook, Google+ etc. k\u00f6nnen Ihr Nutzerverhalten in der Regel umfassend analysieren, wenn Sie deren Webseite oder eine Webseite mit integrierten Social-Media-Inhalten (z. B. Like-Buttons oder Werbebannern) besuchen. Durch den Besuch unserer Social-Media-Pr\u00e4senzen werden zahlreiche datenschutzrelevante Verarbeitungsvorg\u00e4nge ausgel\u00f6st.&nbsp;<\/p>\n\n\n\n<p class=\"has-black-color has-text-color\">Im Einzelnen:<\/p>\n\n\n\n<p class=\"has-black-color has-text-color\">Wenn Sie in Ihrem Social-Media-Account eingeloggt sind und unsere Social-Media-Pr\u00e4senz besuchen, kann der Betreiber des Social-Media-Portals diesen Besuch Ihrem Benutzerkonto zuordnen. Ihre personenbezogenen Daten k\u00f6nnen unter Umst\u00e4nden aber auch dann erfasst werden, wenn Sie nicht eingeloggt sind oder keinen Account beim jeweiligen Social-Media-Portal besitzen. Diese Datenerfassung erfolgt in diesem Fall beispielsweise \u00fcber Cookies, die auf Ihrem Endger\u00e4t gespeichert werden oder durch Erfassung Ihrer IP-Adresse.<\/p>\n\n\n\n<p class=\"has-black-color has-text-color\">Mit Hilfe der so erfassten Daten k\u00f6nnen die Betreiber der Social-Media-Portale Nutzerprofile erstellen, in denen Ihre Pr\u00e4ferenzen und Interessen hinterlegt sind. Auf diese Weise kann Ihnen interessenbezogene Werbung in- und au\u00dferhalb der jeweiligen Social-Media-Pr\u00e4senz angezeigt werden. Sofern Sie \u00fcber einen Account beim jeweiligen sozialen Netzwerk verf\u00fcgen, kann die interessenbezogene Werbung auf allen Ger\u00e4ten angezeigt werden, auf denen Sie eingeloggt sind oder eingeloggt waren.<\/p>\n\n\n\n<p class=\"has-black-color has-text-color\">Bitte beachten Sie au\u00dferdem, dass wir nicht alle Verarbeitungsprozesse auf den Social-Media-Portalen nachvollziehen k\u00f6nnen. Je nach Anbieter k\u00f6nnen daher ggf. weitere Verarbeitungsvorg\u00e4nge von den Betreibern der Social-Media-Portale durchgef\u00fchrt werden. Details hierzu entnehmen Sie den Nutzungsbedingungen und Datenschutzbestimmungen der jeweiligen Social-Media-Portale.<\/p>\n\n\n\n<h2 class=\"wp-block-heading has-black-color has-text-color\"><strong>Rechtsgrundlage<\/strong><\/h2>\n\n\n\n<p class=\"has-black-color has-text-color\">Unsere Social-Media-Auftritte sollen eine m\u00f6glichst umfassende Pr\u00e4senz im Internet gew\u00e4hrleisten. Hierbei handelt es sich um ein berechtigtes Interesse im Sinne von Art. 6 Abs. 1 lit. f DSGVO. Die von den sozialen Netzwerken initiierten Analyseprozesse beruhen ggf. auf abweichenden Rechtsgrundlagen, die von den Betreibern der sozialen Netzwerke anzugeben sind (z. B. Einwilligung im Sinne des Art. 6 Abs. 1 lit. a DSGVO).<\/p>\n\n\n\n<h2 class=\"wp-block-heading has-black-color has-text-color\"><strong>Verantwortlicher und Geltendmachung von Rechten<\/strong><\/h2>\n\n\n\n<p class=\"has-black-color has-text-color\">Wenn Sie einen unserer Social-Media-Auftritte (z. B. Facebook) besuchen, sind wir gemeinsam mit dem Betreiber der Social-Media-Plattform f\u00fcr die bei diesem Besuch ausgel\u00f6sten Datenverarbeitungsvorg\u00e4nge verantwortlich. Sie k\u00f6nnen Ihre Rechte (Auskunft, Berichtigung, L\u00f6schung, Einschr\u00e4nkung der Verarbeitung, Daten\u00fcbertragbarkeit und Beschwerde) grunds\u00e4tzlich sowohl gg\u00fc. uns als auch gg\u00fc. dem Betreiber des jeweiligen Social-Media-Portals (z. B. gg\u00fc. Facebook) geltend machen.<\/p>\n\n\n\n<p class=\"has-black-color has-text-color\">Bitte beachten Sie, dass wir trotz der gemeinsamen Verantwortlichkeit mit den Social-Media-Portal-Betreibern nicht vollumf\u00e4nglich Einfluss auf die Datenverarbeitungsvorg\u00e4nge der Social-Media-Portale haben. Unsere M\u00f6glichkeiten richten sich ma\u00dfgeblich nach der Unternehmenspolitik des jeweiligen Anbieters.<\/p>\n\n\n\n<p class=\"has-black-color has-text-color\"><strong>Speicherdauer<\/strong><\/p>\n\n\n\n<p class=\"has-black-color has-text-color\">Die unmittelbar von uns \u00fcber die Social-Media-Pr\u00e4senz erfassten Daten werden von unseren Systemen gel\u00f6scht, sobald der Zweck f\u00fcr ihre Speicherung entf\u00e4llt, Sie uns zur L\u00f6schung auffordern, Ihre Einwilligung zur Speicherung widerrufen oder der Zweck f\u00fcr die Datenspeicherung entf\u00e4llt. Gespeicherte Cookies verbleiben auf Ihrem Endger\u00e4t, bis Sie sie l\u00f6schen. Zwingende gesetzliche Bestimmungen \u2013 insb. Aufbewahrungsfristen \u2013 bleiben unber\u00fchrt.<\/p>\n\n\n\n<p class=\"has-black-color has-text-color\">Auf die Speicherdauer Ihrer Daten, die von den Betreibern der sozialen Netzwerke zu eigenen Zwecken gespeichert werden, haben wir keinen Einfluss. F\u00fcr Einzelheiten dazu informieren Sie sich bitte direkt bei den Betreibern der sozialen Netzwerke (z. B. in deren Datenschutzerkl\u00e4rung, siehe unten).<\/p>\n\n\n\n<p class=\"has-black-color has-text-color\"><strong>Facebook&nbsp;<\/strong><\/p>\n\n\n\n<p class=\"has-black-color has-text-color\">Wir verf\u00fcgen \u00fcber ein Profil bei Facebook unter dem Namen \u201eTeamplate\u201c.&nbsp;<\/p>\n\n\n\n<p class=\"has-black-color has-text-color\">Anbieter ist die Facebook Inc., 1 Hacker Way, Menlo Park, California 94025, USA. Facebook verf\u00fcgt \u00fcber eine Zertifizierung nach dem EU-US-Privacy-Shield.<\/p>\n\n\n\n<p class=\"has-black-color has-text-color\">Wir haben mit Facebook eine Vereinbarung \u00fcber gemeinsame Verarbeitung (Controller Addendum) geschlossen. In dieser Vereinbarung wird festgelegt, f\u00fcr welche Datenverarbeitungsvorg\u00e4nge wir bzw. Facebook verantwortlich ist, wenn Sie unsere Facebook-Page besuchen. Diese Vereinbarung k\u00f6nnen Sie unter folgendem Link einsehen:<\/p>\n\n\n\n<p class=\"has-black-color has-text-color\"><a href=\"https:\/\/www.facebook.com\/legal\/terms\/page_controller_addendum.\" target=\"_blank\" rel=\"noopener\">https:\/\/www.facebook.com\/legal\/terms\/page_controller_addendum.<\/a><\/p>\n\n\n\n<p class=\"has-black-color has-text-color\">Sie k\u00f6nnen Ihre Werbeeinstellungen selbstst\u00e4ndig in Ihrem Nutzer-Account anpassen. Klicken Sie hierzu auf folgenden Link und loggen Sie sich ein:https:\/\/www.facebook.com\/settings?tab=ads.<\/p>\n\n\n\n<p class=\"has-black-color has-text-color\">Details entnehmen Sie der Datenschutzerkl\u00e4rung von Facebook:&nbsp;<\/p>\n\n\n\n<p class=\"has-black-color has-text-color\"><a href=\"https:\/\/www.facebook.com\/about\/privacy\/\" target=\"_blank\" rel=\"noopener\">https:\/\/www.facebook.com\/about\/privacy\/<\/a><\/p>\n\n\n\n<p class=\"has-black-color has-text-color\">Statt einer direkten Registrierung auf unserer Website k\u00f6nnen Sie sich mit Facebook Connect registrieren. Anbieter dieses Dienstes ist die Facebook Ireland Limited, 4 Grand Canal Square, Dublin 2, Irland.<\/p>\n\n\n\n<p class=\"has-black-color has-text-color\">Wenn Sie sich f\u00fcr die Registrierung mit Facebook Connect entscheiden und auf den \u201eLogin with Facebook\u201c-\/\u201eConnect with Facebook\u201c-Button klicken, werden Sie automatisch auf die Plattform von Facebook weitergeleitet. Dort k\u00f6nnen Sie sich mit Ihren Nutzungsdaten anmelden. Dadurch wird Ihr Facebook-Profil mit unserer Website bzw. unseren Diensten verkn\u00fcpft. Durch diese Verkn\u00fcpfung erhalten wir Zugriff auf Ihre bei Facebook hinterlegten Daten. Dies sind vor allem:<\/p>\n\n\n\n<p class=\"has-black-color has-text-color\">Facebook-Name<\/p>\n\n\n\n<p class=\"has-black-color has-text-color\">Facebook-Profil- und Titelbild<\/p>\n\n\n\n<p class=\"has-black-color has-text-color\">Facebook-Titelbild<\/p>\n\n\n\n<p class=\"has-black-color has-text-color\">bei Facebook hinterlegte E-Mail-Adresse<\/p>\n\n\n\n<p class=\"has-black-color has-text-color\">Facebook-ID<\/p>\n\n\n\n<p class=\"has-black-color has-text-color\">Facebook-Freundeslisten<\/p>\n\n\n\n<p class=\"has-black-color has-text-color\">Facebook Likes (\u201eGef\u00e4llt-mir\u201c-Angaben)<\/p>\n\n\n\n<p class=\"has-black-color has-text-color\">Geburtstag<\/p>\n\n\n\n<p class=\"has-black-color has-text-color\">Geschlecht<\/p>\n\n\n\n<p class=\"has-black-color has-text-color\">Land<\/p>\n\n\n\n<p class=\"has-black-color has-text-color\">Sprache<\/p>\n\n\n\n<p class=\"has-black-color has-text-color\">Diese Daten werden zur Einrichtung, Bereitstellung und Personalisierung Ihres Accounts genutzt.<\/p>\n\n\n\n<p class=\"has-black-color has-text-color\">Die Registrierung mit Facebook-Connect und die damit verbundenen Datenverarbeitungsvorg\u00e4nge erfolgen auf Grundlage Ihrer Einwilligung (Art. 6 Abs. 1 lit. a DSGVO). Diese Einwilligung k\u00f6nnen Sie jederzeit mit Wirkung f\u00fcr die Zukunft widerrufen.<\/p>\n\n\n\n<p class=\"has-black-color has-text-color\">Weitere Informationen finden Sie in den Facebook-Nutzungsbedingungen und den Facebook-Datenschutzbestimmungen. Diese finden Sie unter:&nbsp;<\/p>\n\n\n\n<p class=\"has-black-color has-text-color\">https:\/\/de-de.facebook.com\/about\/privacy\/ und <a href=\"https:\/\/de-de.facebook.com\/legal\/terms\/\" target=\"_blank\" rel=\"noopener\">https:\/\/de-de.facebook.com\/legal\/terms\/<\/a><\/p>\n\n\n\n<p class=\"has-black-color has-text-color\"><strong>Instagram<\/strong><\/p>\n\n\n\n<p class=\"has-black-color has-text-color\">Wir verf\u00fcgen \u00fcber ein Profil bei Instagram unter dem Namen \u201eteamplatehq\u201c. Anbieter ist die Instagram Inc., 1601 Willow Road, Menlo Park, CA, 94025, USA. Details zu deren Umgang mit Ihren personenbezogenen Daten entnehmen Sie der Datenschutzerkl\u00e4rung von Instagram: https:\/\/help.instagram.com\/519522125107875.<\/p>\n\n\n\n<p class=\"has-black-color has-text-color\"><strong>Adobe Fonts<\/strong><\/p>\n\n\n\n<p class=\"has-black-color has-text-color\">Unsere Website nutzt zudem zur einheitlichen Darstellung bestimmter Schriftarten Web Fonts von Adobe. Anbieter ist die Adobe Systems Incorporated, 345 Park Avenue, San Jose, CA 95110-2704, USA (Adobe).<\/p>\n\n\n\n<p class=\"has-black-color has-text-color\">Beim Aufruf unserer Seiten l\u00e4dt Ihr Browser die ben\u00f6tigten Schriftarten direkt von Adobe, um sie Ihrem Endger\u00e4t korrekt anzeigen zu k\u00f6nnen. Dabei stellt Ihr Browser eine Verbindung zu den Servern von Adobe in den USA her. Hierdurch erlangt Adobe Kenntnis dar\u00fcber, dass \u00fcber Ihre IP-Adresse unsere Website aufgerufen wurde. Bei der Bereitstellung der Schriftarten werden nach Aussage von Adobe keine Cookies gespeichert.<\/p>\n\n\n\n<p class=\"has-black-color has-text-color\">Adobe verf\u00fcgt \u00fcber eine Zertifizierung nach dem EU-US-Privacy-Shield. Der Privacy-Shield ist ein Abkommen zwischen den Vereinigten Staaten von Amerika und der Europ\u00e4ischen Union, das die Einhaltung europ\u00e4ischer Datenschutzstandards gew\u00e4hrleisten soll. N\u00e4here Informationen finden Sie unter: https:\/\/www.adobe.com\/de\/privacy\/eudatatransfers.html.<\/p>\n\n\n\n<p class=\"has-black-color has-text-color\">Die Nutzung von Adobe Fonts ist erforderlich, um ein einheitliches Schriftbild auf unserer Website zu gew\u00e4hrleisten. Dies stellt ein berechtigtes Interesse im Sinne des Art. 6 Abs. 1 lit. f DSGVO dar.<\/p>\n\n\n\n<p class=\"has-black-color has-text-color\">N\u00e4here Informationen zu Adobe Fonts erhalten Sie unter: https:\/\/www.adobe.com\/de\/privacy\/policies\/adobe-fonts.html.<\/p>\n\n\n\n<p class=\"has-black-color has-text-color\">Die Datenschutzerkl\u00e4rung von Adobe finden Sie unter: https:\/\/www.adobe.com\/de\/privacy\/policy.html<\/p>\n\n\n\n<p class=\"has-black-color has-text-color\"><strong>Google reCAPTCHA<\/strong><\/p>\n\n\n\n<p class=\"has-black-color has-text-color\">Wir nutzen \u201eGoogle reCAPTCHA\u201c (im Folgenden \u201ereCAPTCHA\u201c) auf unseren Websites. Anbieter ist die Google Ireland Limited (\u201eGoogle\u201c), Gordon House, Barrow Street, Dublin 4, Irland.<\/p>\n\n\n\n<p class=\"has-black-color has-text-color\">Mit reCAPTCHA soll \u00fcberpr\u00fcft werden, ob die Dateneingabe auf unseren Websites (z. B. in einem Kontaktformular) durch einen Menschen oder durch ein automatisiertes Programm erfolgt. Hierzu analysiert reCAPTCHA das Verhalten des Websitebesuchers anhand verschiedener Merkmale. Diese Analyse beginnt automatisch, sobald der Websitebesucher die Website betritt. Zur Analyse wertet reCAPTCHA verschiedene Informationen aus (z. B. IP-Adresse, Verweildauer des Websitebesuchers auf der Website oder vom Nutzer get\u00e4tigte Mausbewegungen). Die bei der Analyse erfassten Daten werden an Google weitergeleitet.<\/p>\n\n\n\n<p class=\"has-black-color has-text-color\">Die reCAPTCHA-Analysen laufen vollst\u00e4ndig im Hintergrund. Websitebesucher werden nicht darauf hingewiesen, dass eine Analyse stattfindet.<\/p>\n\n\n\n<p class=\"has-black-color has-text-color\">Die Datenverarbeitung erfolgt auf Grundlage von Art. 6 Abs. 1 lit. f DSGVO. Der Websitebetreiber hat ein berechtigtes Interesse daran, seine Webangebote vor missbr\u00e4uchlicher automatisierter Aussp\u00e4hung und vor SPAM zu sch\u00fctzen.<\/p>\n\n\n\n<p class=\"has-black-color has-text-color\">Weitere Informationen zu Google reCAPTCHA sowie die Datenschutzerkl\u00e4rung von Google entnehmen Sie folgenden Links: https:\/\/policies.google.com\/privacy?hl=de und https:\/\/www.google.com\/recaptcha\/intro\/v3.htmll.<\/p>\n\n\n\n<p class=\"has-black-color has-text-color\"><strong>Google Analytics<\/strong><\/p>\n\n\n\n<p class=\"has-black-color has-text-color\">Diese Website nutzt Funktionen des Webanalysedienstes Google Analytics. Anbieter ist die Google Ireland Limited (\u201eGoogle\u201c), Gordon House, Barrow Street, Dublin 4, Irland.<\/p>\n\n\n\n<p class=\"has-black-color has-text-color\">Google Analytics verwendet so genannte \u201eCookies\u201c. Das sind Textdateien, die auf Ihrem Computer gespeichert werden und die eine Analyse der Benutzung der Website durch Sie erm\u00f6glichen. Die durch den Cookie erzeugten Informationen \u00fcber Ihre Benutzung dieser Website werden in der Regel an einen Server von Google in den USA \u00fcbertragen und dort gespeichert.<\/p>\n\n\n\n<p class=\"has-black-color has-text-color\">Die Speicherung von Google-Analytics-Cookies und die Nutzung dieses Analyse-Tools erfolgen auf Grundlage von Art. 6 Abs. 1 lit. f DSGVO. Der Websitebetreiber hat ein berechtigtes Interesse an der Analyse des Nutzerverhaltens, um sowohl sein Webangebot als auch seine Werbung zu optimieren.<\/p>\n\n\n\n<p class=\"has-black-color has-text-color\"><strong>IP-Anonymisierung<\/strong><\/p>\n\n\n\n<p class=\"has-black-color has-text-color\">Wir haben auf dieser Website die Funktion IP-Anonymisierung aktiviert. Dadurch wird Ihre IP-Adresse von Google innerhalb von Mitgliedstaaten der Europ\u00e4ischen Union oder in anderen Vertragsstaaten des Abkommens \u00fcber den Europ\u00e4ischen Wirtschaftsraum vor der \u00dcbermittlung in die USA gek\u00fcrzt. Nur in Ausnahmef\u00e4llen wird die volle IP-Adresse an einen Server von Google in den USA \u00fcbertragen und dort gek\u00fcrzt. Im Auftrag des Betreibers dieser Website wird Google diese Informationen benutzen, um Ihre Nutzung der Website auszuwerten, um Reports \u00fcber die Websiteaktivit\u00e4ten zusammenzustellen und um weitere mit der Websitenutzung und der Internetnutzung verbundene Dienstleistungen gegen\u00fcber dem Websitebetreiber zu erbringen. Die im Rahmen von Google Analytics von Ihrem Browser \u00fcbermittelte IP-Adresse wird nicht mit anderen Daten von Google zusammengef\u00fchrt.<\/p>\n\n\n\n<h2 class=\"wp-block-heading has-black-color has-text-color\"><strong>7. Datenverarbeitung im Rahmen einer Bewerbung<\/strong><\/h2>\n\n\n\n<p class=\"has-black-color has-text-color\"><strong>Allgemeines<\/strong><\/p>\n\n\n\n<p class=\"has-black-color has-text-color\">Im Rahmen von Bewerbungsverfahren verarbeiten wir Bewerberdaten. Bewerberdaten sind personenbezogene Daten, die uns Interessenten freiwillig einreichen, wenn sie sich auf ein von uns ver\u00f6ffentlichtes Stellenangebot bewerben und ein Arbeitsverh\u00e4ltnis mit unserem Unternehmen anstreben. Die Verarbeitung solcher Bewerberdaten erfolgt nur zum Zweck und im Rahmen des Bewerbungsverfahrens und erfolgt ausnahmslos im Einklang mit den gesetzlichen Vorgaben. Die Rechtsgrundlage f\u00fcr die Verarbeitung von Bewerberdaten beruht somit auf Art. 6 Abs. 1 lit. b) DSGVO.&nbsp;<\/p>\n\n\n\n<p class=\"has-black-color has-text-color\">Wenn die Verarbeitung von Bewerberdaten zur Wahrung der berechtigten Interessen des Verantwortlichen oder eines Dritten erforderlich, ist und nicht die Interessen oder Grundrechte und Grundfreiheiten der betroffenen Person, die den Schutz personenbezogener Daten erfordern, \u00fcberwiegen, insbesondere dann, wenn es sich bei der betroffenen Person um ein Kind handelt, beruht die Verarbeitung weiterhin auf Art. 6 Abs. 1 lit. f) DSGVO. Weiterhin gilt zus\u00e4tzlich \u00a7 26 Bundesdatenschutzgesetz (BDSG).<\/p>\n\n\n\n<p class=\"has-black-color has-text-color\">Das Bewerbungsverfahren beruht darauf, dass uns Bewerber ihre Bewerberdaten freiwillig mitteilen.&nbsp;<\/p>\n\n\n\n<p class=\"has-black-color has-text-color\">Bei den Bewerberdaten handelt es sich, sofern nicht gesondert gekennzeichnet, um s\u00e4mtliche Angaben aus dem Lebenslauf, also Angaben zur Person, sowie Post- und Kontaktadressen und weitere Unterlagen wie Anschreiben, Zeugnisse oder Empfehlungsschreiben sowie jegliche anderen Informationen, die uns Bewerber freiwillig \u00fcberreichen und mitteilen.<\/p>\n\n\n\n<p class=\"has-black-color has-text-color\"><strong>Einwilligung<\/strong><\/p>\n\n\n\n<p class=\"has-black-color has-text-color\">F\u00fcr den Fall Ihrer Bewerbung erkl\u00e4ren Sie sich mit der Verarbeitung ihrer Bewerberdaten zu Zwecken des Bewerbungsverfahrens entsprechend in der in Absatz 1 dargelegten Art und Umfang einverstanden, wenn Sie uns im Rahmen einer Bewerbung Ihre Daten \u00fcbermitteln.<\/p>\n\n\n\n<p class=\"has-black-color has-text-color\"><strong>Verarbeitung besonderer Kategorien personenbezogener Daten<\/strong><\/p>\n\n\n\n<p class=\"has-black-color has-text-color\">Wenn Sie uns im Rahmen des Bewerbungsverfahrens freiwillig besondere Kategorien personenbezogener Daten im Sinne des Art. 9 Abs. 1 DSGVO \u00fcbermitteln und mitteilen (i.d.R. Daten zur ethnischen Herkunft oder Gesundheitsdaten wie bspw. Schwerbehinderteneigenschaft), erfolgt die Verarbeitung solcher Daten nach Art. 9 Abs. 2 lit. b DSGVO.<\/p>\n\n\n\n<p class=\"has-black-color has-text-color\"><strong>Bewerbungsverfahren<\/strong><\/p>\n\n\n\n<p class=\"has-black-color has-text-color\">Gegenw\u00e4rtig k\u00f6nnen Bewerber uns ihre Bewerbungen online nur per E-Mail \u00fcbermitteln. Wir weisen darauf hin, dass E-Mails grunds\u00e4tzlich nicht verschl\u00fcsselt werden und dass Bewerber eine Verschl\u00fcsselung selbst vornehmen m\u00fcssen. Aus diesem Grund \u00fcbernehmen wir keine Verantwortung oder gar eine Haftung f\u00fcr die \u00dcbertragung zwischen den Bewerbern (\u201eAbsender\u201c) und uns (\u201eEmpf\u00e4ngerin\u201c). Wir empfehlen daher eine Bewerbung \u00fcber den Postweg.<\/p>\n\n\n\n<p class=\"has-black-color has-text-color\"><strong>Verarbeitung und L\u00f6schung der Bewerberdaten<\/strong><\/p>\n\n\n\n<p class=\"has-black-color has-text-color\">Sofern es zu einer erfolgreichen Bewerbung und einer Anstellung in unserem Unternehmen kommt, k\u00f6nnen die von den Bewerbern zur Verf\u00fcgung gestellten Daten f\u00fcr die Zwecke des Arbeitsverh\u00e4ltnisses von uns weiterverarbeitet werden.<\/p>\n\n\n\n<p class=\"has-black-color has-text-color\">Sofern die Bewerbung nicht erfolgreich ist und es zu keinem Arbeitsverh\u00e4ltnis kommt, werden die Daten des Bewerbers wie nachfolgend beschrieben gel\u00f6scht.<\/p>\n\n\n\n<p class=\"has-black-color has-text-color\">Die Daten des Bewerbers werden auch dann wie nachfolgend beschrieben gel\u00f6scht, wenn der Bewerber nicht zu einem pers\u00f6nlichen Vorstellungsgespr\u00e4ch eingeladen wird, es sei denn, dass der Bewerber uns ausdr\u00fccklich erlaubt, die Daten weiterhin zu speichern, um diese ggf. f\u00fcr eine neue Stelle in unserem Unternehmen zu verwenden.<\/p>\n\n\n\n<p class=\"has-black-color has-text-color\">Die Daten des Bewerbers werden auch dann gel\u00f6scht, wenn der Bewerber seine Bewerbung zur\u00fcckzieht, wozu die Bewerber jederzeit berechtigt sind.<\/p>\n\n\n\n<p class=\"has-black-color has-text-color\">Die L\u00f6schung erfolgt, vorbehaltlich eines berechtigten Widerrufs der Bewerber, nach dem Ablauf eines Zeitraums von sechs Monaten ab Eingang der Bewerberdaten bei uns. Dieser Zeitraum ist notwendig, damit wir etwaige Anschlussfragen zu der Bewerbung beantworten und unseren Nachweispflichten aus dem Allgemeinen Gleichbehandlungsgesetz gen\u00fcgen k\u00f6nnen. Rechnungen \u00fcber etwaige Reisekostenerstattung werden entsprechen den steuerrechtlichen Vorgaben archiviert.<\/p>\n\n\n\n<h2 class=\"wp-block-heading has-black-color has-text-color\"><strong>VIII. Routinem\u00e4\u00dfige L\u00f6schung und Sperrung von personenbezogenen Daten<\/strong><\/h2>\n\n\n\n<p class=\"has-black-color has-text-color\">Der f\u00fcr die Verarbeitung Verantwortliche verarbeitet und speichert personenbezogene Daten der betroffenen Person nur f\u00fcr den Zeitraum, der zur Erreichung des Speicherungszwecks erforderlich ist oder sofern dies durch den Europ\u00e4ischen Richtlinien- und Verordnungsgeber oder einen anderen Gesetzgeber in Gesetzen oder Vorschriften, welchen der f\u00fcr die Verarbeitung Verantwortliche unterliegt, vorgesehen wurde.&nbsp;<\/p>\n\n\n\n<p class=\"has-black-color has-text-color\">Entf\u00e4llt der Speicherungszweck oder l\u00e4uft eine vom Europ\u00e4ischen Richtlinien- und Verordnungsgeber oder einem anderen zust\u00e4ndigen Gesetzgeber vorgeschriebene Speicherfrist ab, werden die personenbezogenen Daten routinem\u00e4\u00dfig und entsprechend den gesetzlichen Vorschriften gesperrt oder gel\u00f6scht.<\/p>\n\n\n\n<p class=\"has-black-color has-text-color\">Das Kriterium f\u00fcr die Dauer der Speicherung von personenbezogenen Daten ist die jeweilige gesetzliche Aufbewahrungsfrist. Nach Ablauf der Frist werden die entsprechenden Daten routinem\u00e4\u00dfig gel\u00f6scht, sofern sie nicht mehr zur Vertragserf\u00fcllung oder Vertragsanbahnung erforderlich sind.<\/p>\n\n\n\n<h2 class=\"wp-block-heading has-black-color has-text-color\"><strong>IX. Hinweis auf gesetzliche oder vertragliche Vorschriften zur Bereitstellung der personenbezogenen Daten; Verpflichtung der betroffenen Person, die personenbezogenen Daten bereitzustellen; m\u00f6gliche Folgen der Nichtbereitstellung:<\/strong><\/h2>\n\n\n\n<p class=\"has-black-color has-text-color\">Wir kl\u00e4ren Sie dar\u00fcber auf, dass die Bereitstellung personenbezogener Daten zum Teil gesetzlich vorgeschrieben ist (z.B. Straf- und Steuervorschriften) oder sich auch aus vertraglichen Regelungen (z.B. Angaben zum Vertragspartner) ergeben kann. Mitunter kann es zu einem Vertragsschluss erforderlich sein, dass eine betroffene Person uns personenbezogene Daten zur Verf\u00fcgung stellt, die in der Folge durch uns verarbeitet werden m\u00fcssen. Die betroffene Person ist beispielsweise verpflichtet uns personenbezogene Daten bereitzustellen, wenn unser Unternehmen mit ihr einen Vertrag abschlie\u00dft. Eine Nichtbereitstellung der personenbezogenen Daten h\u00e4tte zur Folge, dass der Vertrag mit dem Betroffenen nicht geschlossen werden k\u00f6nnte.&nbsp;<\/p>\n\n\n\n<p class=\"has-black-color has-text-color\">Vor einer Bereitstellung personenbezogener Daten durch den Betroffenen muss sich der Betroffene an einen unserer Mitarbeiter wenden. Unser Mitarbeiter kl\u00e4rt den Betroffenen einzelfallbezogen dar\u00fcber auf, ob die Bereitstellung der personenbezogenen Daten gesetzlich oder vertraglich vorgeschrieben oder f\u00fcr den Vertragsabschluss erforderlich ist, ob eine Verpflichtung besteht, die personenbezogenen Daten bereitzustellen, und welche Folgen die Nichtbereitstellung der personenbezogenen Daten h\u00e4tte.<\/p>\n\n\n\n<h2 class=\"wp-block-heading has-black-color has-text-color\"><strong>X. Schlussbestimmungen<\/strong><\/h2>\n\n\n\n<p class=\"has-black-color has-text-color\"><strong>Inhalt des Onlineangebotes<\/strong><\/p>\n\n\n\n<p class=\"has-black-color has-text-color\">Teamplate\/ITTLB LTD \u00fcbernimmt keine Gew\u00e4hr f\u00fcr die Aktualit\u00e4t, Korrektheit, Vollst\u00e4ndigkeit oder Qualit\u00e4t der bereitgestellten Informationen. Haftungsanspr\u00fcche gegen Teamplate\/ITTLB LTD, welche sich auf Sch\u00e4den materieller oder ideeller Art beziehen, die durch die Nutzung oder Nichtnutzung der dargebotenen Informationen bzw. durch die Nutzung fehlerhafter und unvollst\u00e4ndiger Informationen verursacht wurden, sind grunds\u00e4tzlich ausgeschlossen. Das gilt nicht bei nachweislich vors\u00e4tzlichen oder grob fahrl\u00e4ssigen Verschulden.<\/p>\n\n\n\n<p class=\"has-black-color has-text-color\">Alle Angebote sind freibleibend und unverbindlich. Teamplate\/ITTLB LTD beh\u00e4lt es sich ausdr\u00fccklich vor, Teile der Seiten oder das gesamte Angebot ohne gesonderte Ank\u00fcndigung zu ver\u00e4ndern, zu erg\u00e4nzen, zu l\u00f6schen oder die Ver\u00f6ffentlichung zeitweise oder endg\u00fcltig einzustellen.<\/p>\n\n\n\n<p class=\"has-black-color has-text-color\"><strong>Verweise und Links<\/strong><\/p>\n\n\n\n<p class=\"has-black-color has-text-color\">Bei direkten oder indirekten Verweisen auf fremde Webseiten (\u201cHyperlinks\u201d), die au\u00dferhalb des Verantwortungsbereiches von Teamplate\/ITTLB LTD liegen, w\u00fcrde eine Haftungsverpflichtung ausschlie\u00dflich in dem Fall in Kraft treten, in dem der Autor von den Inhalten Kenntnis hat und es ihm technisch m\u00f6glich und zumutbar w\u00e4re, die Nutzung im Falle rechtswidriger Inhalte zu verhindern. Teamplate\/ITTLB LTD erkl\u00e4rt hiermit ausdr\u00fccklich, dass zum Zeitpunkt der Linksetzung keine illegalen Inhalte auf den zu verlinkenden Seiten erkennbar waren. Auf die aktuelle und zuk\u00fcnftige Gestaltung, die Inhalte oder die Urheberschaft der verlinkten\/verkn\u00fcpften Seiten hat Teamplate\/ITTLB LTD keinerlei Einfluss. Deshalb distanziert sich Teamplate\/ITTLB LTD hiermit ausdr\u00fccklich von allen Inhalten aller verlinkten \/verkn\u00fcpften Seiten, die nach der Linksetzung ver\u00e4ndert wurden. Diese Feststellung gilt f\u00fcr alle innerhalb des eigenen Internetangebotes gesetzten Links und Verweise. F\u00fcr illegale, fehlerhafte oder unvollst\u00e4ndige Inhalte und insbesondere f\u00fcr Sch\u00e4den, die aus der Nutzung oder Nichtnutzung solcherart dargebotener Informationen entstehen, haftet allein der Anbieter der Seite, auf welche verwiesen wurde, nicht derjenige, der \u00fcber Links auf die jeweilige Ver\u00f6ffentlichung lediglich verweist.<\/p>\n\n\n\n<p class=\"has-black-color has-text-color\"><strong>Rechtswirksamkeit dieses Haftungsausschlusses<\/strong><\/p>\n\n\n\n<p class=\"has-black-color has-text-color\">Dieser Haftungsausschluss ist als Teil des Internetangebotes zu betrachten, von dem aus auf diese Seite verwiesen wurde. Sofern Teile oder einzelne Formulierungen dieses Textes der geltenden Rechtslage nicht, nicht mehr oder nicht vollst\u00e4ndig entsprechen sollten, bleiben die \u00fcbrigen Teile des Dokumentes in ihrem Inhalt und ihrer G\u00fcltigkeit davon unber\u00fchrt.<\/p>\n","protected":false},"excerpt":{"rendered":"<p>I. Allgemeine Hinweise Die folgenden Hinweise geben einen einfachen \u00dcberblick dar\u00fcber, was mit Ihren personenbezogenen Daten passiert, wenn Sie unsere&#8230;<\/p>\n","protected":false},"author":1,"featured_media":0,"parent":0,"menu_order":0,"comment_status":"closed","ping_status":"closed","template":"page-text.php","meta":{"inline_featured_image":false},"acf":[],"_links":{"self":[{"href":"https:\/\/www.teamplate.io\/de\/wp-json\/wp\/v2\/pages\/165"}],"collection":[{"href":"https:\/\/www.teamplate.io\/de\/wp-json\/wp\/v2\/pages"}],"about":[{"href":"https:\/\/www.teamplate.io\/de\/wp-json\/wp\/v2\/types\/page"}],"author":[{"embeddable":true,"href":"https:\/\/www.teamplate.io\/de\/wp-json\/wp\/v2\/users\/1"}],"replies":[{"embeddable":true,"href":"https:\/\/www.teamplate.io\/de\/wp-json\/wp\/v2\/comments?post=165"}],"version-history":[{"count":27,"href":"https:\/\/www.teamplate.io\/de\/wp-json\/wp\/v2\/pages\/165\/revisions"}],"predecessor-version":[{"id":2112,"href":"https:\/\/www.teamplate.io\/de\/wp-json\/wp\/v2\/pages\/165\/revisions\/2112"}],"wp:attachment":[{"href":"https:\/\/www.teamplate.io\/de\/wp-json\/wp\/v2\/media?parent=165"}],"curies":[{"name":"wp","href":"https:\/\/api.w.org\/{rel}","templated":true}]}}